{"id":196,"date":"2018-12-12T21:10:54","date_gmt":"2018-12-12T21:10:54","guid":{"rendered":"http:\/\/lecuc.ch\/v4\/?page_id=196"},"modified":"2025-11-09T07:57:34","modified_gmt":"2025-11-09T07:57:34","slug":"equipements-communs","status":"publish","type":"page","link":"https:\/\/lecuc.ch\/index.php\/chambre-type\/equipements-communs\/","title":{"rendered":"Espaces communs"},"content":{"rendered":"\n<p class=\"wp-block-paragraph\"><span style=\"color: #000000;\">En plus des 35 chambres \u00e0 disposition des \u00e9tudiants, le foyer offre des espaces communs de qualit\u00e9 :<\/span><\/p>\n\n\n\n<p class=\"wp-block-paragraph\"><span style=\"color: #000000;\"><strong>CUISINE<\/strong><\/span><\/p>\n\n\n\n<p class=\"wp-block-paragraph\"><span style=\"color: #000000;\">R\u00e9cemment r\u00e9nov\u00e9e, cette cuisine enti\u00e8rement \u00e9quip\u00e9e (casseroles, po\u00eales, ustensiles de cuisine \u00e0 disposition) est le coeur du foyer permettant aux \u00e9tudiants de se retrouver. Sont mis \u00e0 disposition de chaque habitant: un casier individuel, <span style=\"color: #000000;\">un set de 8 pi\u00e8ces (fourchette, couteau, cuill\u00e8res (2) , bol, verre, assiettes (2)<\/span> ) ainsi que deux r\u00e9frig\u00e9rateurs et deux cong\u00e9lateurs en commun.<\/span><\/p>\n\n\n\nngg_shortcode_0_placeholder\n\n\n\n<p class=\"wp-block-paragraph\"><span style=\"color: #000000;\">  <\/span><\/p>\n\n\n\n<p class=\"wp-block-paragraph\"><span style=\"color: #000000;\"><strong>SALLE D\u2019\u00c9TUDES<\/strong><\/span><\/p>\n\n\n\nngg_shortcode_1_placeholder\n\n\n\n<p class=\"wp-block-paragraph\"><span style=\"color: #000000;\"><\/span><\/p>\n\n\n\n<p class=\"wp-block-paragraph\"><span style=\"color: #000000;\"><strong>SALLE T\u00c9L\u00c9<\/strong><\/span><\/p>\n\n\n\nngg_shortcode_2_placeholder\n\n\n\n<p class=\"wp-block-paragraph\"><span style=\"color: #000000;\"><strong>CHAPELLE<\/strong><\/span><\/p>\n\n\n\nngg_shortcode_3_placeholder\n\n\n\n<p class=\"wp-block-paragraph\"><br><span style=\"color: #000000;\"><\/span><\/p>\n\n\n\n<p class=\"wp-block-paragraph\"><span style=\"color: #000000;\"><strong>SALLES DE BAIN ET SANITAIRES<\/strong><\/span><\/p>\n\n\n\n<p class=\"wp-block-paragraph\"><span style=\"color: #000000;\">Les \u00e9tudiants se partagent, par \u00e9tage, trois salles de bain et deux WC qui sont nettoy\u00e9s r\u00e9guli\u00e8rement.<\/span><\/p>\n\n\n\nngg_shortcode_4_placeholder\n\n\n\n<p class=\"wp-block-paragraph\"><span style=\"color: #000000;\"><\/span><\/p>\n\n\n\n<p class=\"wp-block-paragraph\"><span style=\"color: #000000;\"><b>&nbsp; &nbsp; &nbsp; &nbsp; &nbsp; &nbsp; &nbsp; &nbsp; &nbsp; &nbsp; &nbsp; &nbsp; &nbsp; &nbsp; &nbsp; &nbsp; &nbsp; &nbsp; &nbsp;<\/b><\/span><\/p>\n\n\n\n<p class=\"wp-block-paragraph\"><span style=\"color: #000000;\"><strong>BUANDERIE<\/strong><\/span><\/p>\n\n\n\n<p class=\"wp-block-paragraph\"><span style=\"color: #000000;\">Au sous-sol du b\u00e2timent se trouve une buanderie payante \u00e9quip\u00e9e de machines \u00e0 laver et de s\u00e9choirs. &nbsp; &nbsp; &nbsp; &nbsp; &nbsp; &nbsp; &nbsp; &nbsp; &nbsp; &nbsp; <\/span><\/p>\n\n\n\n<p class=\"wp-block-paragraph\"><span style=\"color: #000000;\"><strong>Attention, le foyer n&rsquo;a pas de cave \u00e0 disposition pour entreposer vos affaires.<\/strong><\/span><\/p>\n\n\n\nngg_shortcode_5_placeholder\n\n\n\n<p class=\"wp-block-paragraph\"><span style=\"color: #000000;\"><strong>PARC A VELOS<\/strong><\/span><\/p>\n\n\n\n<p class=\"wp-block-paragraph\"><span style=\"color: #000000;\">Les v\u00e9los ne doivent \u00eatre entrepos\u00e9s que sur les r\u00e2teliers pr\u00e9vus \u00e0 l\u2019ext\u00e9rieur, derri\u00e8re le b\u00e2timent. Aucun stockage int\u00e9rieur est tol\u00e9r\u00e9 pour des questions de s\u00e9curit\u00e9.<\/span><\/p>\n\n\n\n<p class=\"wp-block-paragraph\"><span style=\"color: #000000;\"><strong>Attention, il n\u2019y a pas de places de parc priv\u00e9es pour les v\u00e9hicules motoris\u00e9s.<\/strong><\/span><\/p>\n\n\n\n<p class=\"wp-block-paragraph\"><span style=\"color: #000000;\"><strong>ELECTRICITE &amp; INTERNET<\/strong><\/span><\/p>\n\n\n\n<p class=\"wp-block-paragraph\"><span style=\"color: #000000;\">Les frais d&rsquo;\u00e9lectricit\u00e9 des immeubles, des installations communes et des logements sont compris dans les charges forfaitaires mensuelles. Une connexion WIFI personnelle est \u00e9galement comprise dans les frais.<\/span><\/p>\n","protected":false},"excerpt":{"rendered":"<p>En plus des 35 chambres \u00e0 disposition des \u00e9tudiants, le foyer offre des espaces communs de qualit\u00e9 : CUISINE R\u00e9cemment r\u00e9nov\u00e9e, cette cuisine enti\u00e8rement \u00e9quip\u00e9e (casseroles, po\u00eales, ustensiles de cuisine \u00e0 disposition) est le coeur du foyer permettant aux \u00e9tudiants de se retrouver. Sont mis \u00e0 disposition de chaque habitant: un casier individuel, un set&hellip; <br \/> <a class=\"read-more\" href=\"https:\/\/lecuc.ch\/index.php\/chambre-type\/equipements-communs\/\">Lire la suite<\/a><\/p>\n","protected":false},"author":1,"featured_media":0,"parent":175,"menu_order":0,"comment_status":"closed","ping_status":"closed","template":"","meta":{"ngg_post_thumbnail":0,"footnotes":""},"class_list":["post-196","page","type-page","status-publish","hentry"],"_links":{"self":[{"href":"https:\/\/lecuc.ch\/index.php\/wp-json\/wp\/v2\/pages\/196","targetHints":{"allow":["GET"]}}],"collection":[{"href":"https:\/\/lecuc.ch\/index.php\/wp-json\/wp\/v2\/pages"}],"about":[{"href":"https:\/\/lecuc.ch\/index.php\/wp-json\/wp\/v2\/types\/page"}],"author":[{"embeddable":true,"href":"https:\/\/lecuc.ch\/index.php\/wp-json\/wp\/v2\/users\/1"}],"replies":[{"embeddable":true,"href":"https:\/\/lecuc.ch\/index.php\/wp-json\/wp\/v2\/comments?post=196"}],"version-history":[{"count":76,"href":"https:\/\/lecuc.ch\/index.php\/wp-json\/wp\/v2\/pages\/196\/revisions"}],"predecessor-version":[{"id":1179,"href":"https:\/\/lecuc.ch\/index.php\/wp-json\/wp\/v2\/pages\/196\/revisions\/1179"}],"up":[{"embeddable":true,"href":"https:\/\/lecuc.ch\/index.php\/wp-json\/wp\/v2\/pages\/175"}],"wp:attachment":[{"href":"https:\/\/lecuc.ch\/index.php\/wp-json\/wp\/v2\/media?parent=196"}],"curies":[{"name":"wp","href":"https:\/\/api.w.org\/{rel}","templated":true}]}}