{"id":71,"date":"2018-12-06T21:03:03","date_gmt":"2018-12-06T21:03:03","guid":{"rendered":"http:\/\/lecuc.ch\/v4\/?page_id=71"},"modified":"2026-08-26T15:11:52","modified_gmt":"2026-08-26T15:11:52","slug":"aumonerie","status":"publish","type":"page","link":"https:\/\/lecuc.ch\/index.php\/aumonerie\/","title":{"rendered":"Aum\u00f4nerie"},"content":{"rendered":"<p style=\"text-align: left;\"><span style=\"color: #000000;\"><strong>Activit\u00e9s et vie communautaire&nbsp;<\/strong><\/span><\/p>\n<p><span style=\"color: #000000;\">Les animateurs du foyer s&rsquo;occupent d&rsquo;organiser des \u00e9v\u00e9nements communautaires (repas internationaux, rencontres communautaires, sorties, groupes de partage etc.) pendant l&rsquo;ann\u00e9e acad\u00e9mique afin de favoriser la coh\u00e9sion sur le lieu de vie.<\/span><\/p>\n<h2 style=\"text-align: left;\"><span style=\"color: #000000;\"><strong>Programme 2026-2027<\/strong><\/span><\/h2>\n<h3><strong>S\u00e9ances d&rsquo;informations:<\/strong><\/h3>\n<p><span style=\"color: #000000;\"><strong>14 septembre 2026 \u00e0 20h:<\/strong> s\u00e9ance d&rsquo;accueil et d&rsquo;information (\u00e0 la salle d&rsquo;\u00e9tudes) en pr\u00e9sence d&rsquo;un membre du comit\u00e9 du CUC<\/span><\/p>\n<p><span style=\"color: #000000;\"><strong>22 f\u00e9vrier 2027:<\/strong> s\u00e9ance d&rsquo;accueil et d&rsquo;information \u00e0 20h (salle d&rsquo;\u00e9tudes)<\/span><\/p>\n<h3 style=\"text-align: left;\"><span style=\"color: #000000;\"><strong>Repas internationaux \u00e0 20h:<\/strong><\/span><\/h3>\n<p><span style=\"color: #000000;\"><strong>24 septembre : <\/strong>repas pr\u00e9par\u00e9 par l&rsquo;aum\u00f4ni\u00e8re<\/span><\/p>\n<p><span style=\"color: #000000;\"><strong>15 octobre<\/strong> (+ \u00e9lections des deux repr\u00e9sentants des \u00e9tudiants)<\/span><\/p>\n<p><span style=\"color: #000000;\"><strong>12 novembre<\/strong>&nbsp;<\/span><\/p>\n<p><span style=\"color: #000000;\"><strong>10 d\u00e9cembre <\/strong>: repas de No\u00ebl<\/span><\/p>\n<p><span style=\"color: #000000;\"><strong>4 mars<\/strong><\/span><\/p>\n<p><span style=\"color: #000000;\"><strong>8 avril<\/strong><\/span><\/p>\n<p><span style=\"color: #000000;\"><strong>20 mai<\/strong> d\u00e8s 19h : Barbecuc au bord du lac<\/span><\/p>\n<h3 style=\"text-align: left;\"><span style=\"color: #000000;\">Sorties:<\/span><\/h3>\n<p><span style=\"color: #000000;\"><strong>20 septembre<\/strong> sortie d\u2019int\u00e9gration de 10h30 \u00e0 18h<\/span><\/p>\n<p><span style=\"color: #000000;\"><strong>2 mai <\/strong>sortie du CUC<\/span><\/p>\n<h3 style=\"text-align: left;\"><span style=\"color: #000000;\">Autres propositions \u00e0 la chappelle du CUC:<\/span><\/h3>\n<p><span style=\"color: #000000;\"><strong>Messe<\/strong> tous les lundis et mercredis \u00e0 19h (hors vacances universitaires)<\/span><\/p>\n<p><span style=\"color: #000000;\"><strong>Pri\u00e8re de Taiz\u00e9<\/strong> tous les jeudis \u00e0 21h<\/span><\/p>\n<p><span style=\"color: #000000;\"><strong>Messe des \u00e9tudiants<\/strong> un dimanche par mois \u00e0 19h suivie d\u2019un ap\u00e9ro (04.10, 01.11, 06.12, 28.02.2027, 21.03, 18.04, 23.05)<\/span><\/p>\n<p><span style=\"color: #000000;\">Activit\u00e9s propos\u00e9es dans le cadre de l\u2019aum\u00f4nerie UNIL-EPFL: <a href=\"https:\/\/www.unil.ch\/unil\/fr\/home\/menuinst\/campus\/aides-et-soutiens\/vie-spirituelle.html\">Aum\u00f4nerie UNIL &#8211; EPFL<\/a><\/span><\/p>\n<p><span style=\"color: #000000;\">Un bilan avec chaque habitant.e du foyer a lieu \u00e0 la fin de l&rsquo;ann\u00e9e acad\u00e9mique (durant le mois de mai)<\/span><\/p>\n<p><span style=\"color: #000000;\"><img loading=\"lazy\" decoding=\"async\" class=\"alignnone wp-image-585 size-medium\" src=\" http:\/\/lecuc.ch\/v4\/ wp-content\/uploads\/2022\/08\/Justyna-200x300.jpg\" alt=\"\" width=\"200\" height=\"300\" srcset=\"https:\/\/lecuc.ch\/v4\/wp-content\/uploads\/2022\/08\/Justyna-200x300.jpg 200w, https:\/\/lecuc.ch\/v4\/wp-content\/uploads\/2022\/08\/Justyna-683x1024.jpg 683w, https:\/\/lecuc.ch\/v4\/wp-content\/uploads\/2022\/08\/Justyna-768x1151.jpg 768w, https:\/\/lecuc.ch\/v4\/wp-content\/uploads\/2022\/08\/Justyna-1024x1535.jpg 1024w, https:\/\/lecuc.ch\/v4\/wp-content\/uploads\/2022\/08\/Justyna-1366x2048.jpg 1366w, https:\/\/lecuc.ch\/v4\/wp-content\/uploads\/2022\/08\/Justyna-720x1080.jpg 720w, https:\/\/lecuc.ch\/v4\/wp-content\/uploads\/2022\/08\/Justyna-scaled.jpg 1707w\" sizes=\"auto, (max-width: 200px) 100vw, 200px\" \/><\/span><\/p>\n<p><span style=\"color: #000000;\">Mme Justyna Lotocka<\/span><br \/>\n<span style=\"color: #000000;\">Aum\u00f4ni\u00e8re catholique Unil,<\/span><br \/>\n<span style=\"color: #000000;\">justyna.lotocka@unil.ch<\/span><br \/>\n<span style=\"color: #000000;\">079 555 98 01<\/span><\/p>\n<p><span style=\"color: #000000;\"><img loading=\"lazy\" decoding=\"async\" class=\"alignnone wp-image-584 size-medium\" src=\" http:\/\/lecuc.ch\/v4\/ wp-content\/uploads\/2022\/08\/Giovanni-200x300.jpg\" alt=\"\" width=\"200\" height=\"300\" srcset=\"https:\/\/lecuc.ch\/v4\/wp-content\/uploads\/2022\/08\/Giovanni-200x300.jpg 200w, https:\/\/lecuc.ch\/v4\/wp-content\/uploads\/2022\/08\/Giovanni-683x1024.jpg 683w, https:\/\/lecuc.ch\/v4\/wp-content\/uploads\/2022\/08\/Giovanni-768x1152.jpg 768w, https:\/\/lecuc.ch\/v4\/wp-content\/uploads\/2022\/08\/Giovanni-1024x1536.jpg 1024w, https:\/\/lecuc.ch\/v4\/wp-content\/uploads\/2022\/08\/Giovanni-1365x2048.jpg 1365w, https:\/\/lecuc.ch\/v4\/wp-content\/uploads\/2022\/08\/Giovanni-720x1080.jpg 720w, https:\/\/lecuc.ch\/v4\/wp-content\/uploads\/2022\/08\/Giovanni-scaled.jpg 1707w\" sizes=\"auto, (max-width: 200px) 100vw, 200px\" \/><\/span><\/p>\n<p><span style=\"color: #000000;\">M. Giovanni Polito<\/span><br \/>\n<span style=\"color: #000000;\">Aum\u00f4nier catholique Unil-EPFL, pr\u00eatre<\/span><br \/>\n<span style=\"color: #000000;\">giovanni.polito@unil.ch<\/span><br \/>\n<span style=\"color: #000000;\">021 617 22 78<\/span><\/p>\n<p>&nbsp;<\/p>\n","protected":false},"excerpt":{"rendered":"<p>Activit\u00e9s et vie communautaire&nbsp; Les animateurs du foyer s&rsquo;occupent d&rsquo;organiser des \u00e9v\u00e9nements communautaires (repas internationaux, rencontres communautaires, sorties, groupes de partage etc.) pendant l&rsquo;ann\u00e9e acad\u00e9mique afin de favoriser la coh\u00e9sion sur le lieu de vie. Programme 2026-2027 S\u00e9ances d&rsquo;informations: 14 septembre 2026 \u00e0 20h: s\u00e9ance d&rsquo;accueil et d&rsquo;information (\u00e0 la salle d&rsquo;\u00e9tudes) en pr\u00e9sence d&rsquo;un&hellip; <br \/> <a class=\"read-more\" href=\"https:\/\/lecuc.ch\/index.php\/aumonerie\/\">Lire la suite<\/a><\/p>\n","protected":false},"author":1,"featured_media":0,"parent":0,"menu_order":0,"comment_status":"closed","ping_status":"closed","template":"","meta":{"ngg_post_thumbnail":0,"footnotes":""},"class_list":["post-71","page","type-page","status-publish","hentry"],"_links":{"self":[{"href":"https:\/\/lecuc.ch\/index.php\/wp-json\/wp\/v2\/pages\/71","targetHints":{"allow":["GET"]}}],"collection":[{"href":"https:\/\/lecuc.ch\/index.php\/wp-json\/wp\/v2\/pages"}],"about":[{"href":"https:\/\/lecuc.ch\/index.php\/wp-json\/wp\/v2\/types\/page"}],"author":[{"embeddable":true,"href":"https:\/\/lecuc.ch\/index.php\/wp-json\/wp\/v2\/users\/1"}],"replies":[{"embeddable":true,"href":"https:\/\/lecuc.ch\/index.php\/wp-json\/wp\/v2\/comments?post=71"}],"version-history":[{"count":31,"href":"https:\/\/lecuc.ch\/index.php\/wp-json\/wp\/v2\/pages\/71\/revisions"}],"predecessor-version":[{"id":1218,"href":"https:\/\/lecuc.ch\/index.php\/wp-json\/wp\/v2\/pages\/71\/revisions\/1218"}],"wp:attachment":[{"href":"https:\/\/lecuc.ch\/index.php\/wp-json\/wp\/v2\/media?parent=71"}],"curies":[{"name":"wp","href":"https:\/\/api.w.org\/{rel}","templated":true}]}}